{"id":2868,"date":"2023-12-01T04:37:00","date_gmt":"2023-12-01T04:37:00","guid":{"rendered":"https:\/\/cov12.iavceivolcano.org\/registration-copy\/"},"modified":"2023-12-01T04:37:00","modified_gmt":"2023-12-01T04:37:00","slug":"registration-copy","status":"publish","type":"page","link":"https:\/\/cov12.iavceivolcano.org\/registration-copy\/","title":{"rendered":"Registration \/ Inscripci\u00f3n Copy"},"content":{"rendered":"\n\n<div class=\"alignfull slider-fullheight-wrapper\">\n\n    <div class=\"block-slider slider slider--fade ns triangle-bottom alignfull\" data-slider='{ \"type\": \"fade\", \"speed\": 2500, \"autoplay\": false, \"interval\": 5000, \"lazyLoad\": \"nearby\", \"rewind\": true, \"arrows\": false, \"drag\": false, \"pagination\": false, \"waitForTransition\": false, \"breakpoints\": { \"959\": { \"pagination\": false } }  }'>\n        <div class=\"slider__track\">\n            <div class=\"slider__list\">\n\n            \n                <div class=\"slider__slide block-slide\">\n\n                    <div class=\"block-slider-wrapper\" style=\"background: linear-gradient(90deg, rgba(0,0,0,1) 30%, rgb(0,0,0) 50%, rgba(0,0,0,1) 80%)\">\n\n                        \n                                                <div class=\"block-slider-content flex middle-xs\">\n                            <div class=\"alignwide\">\n\n                                <div class=\"parallax-opposite\">\n                                    \n                                                                                                                <h1 class=\"block-slider-title slider-title has-white-text-color\"><span>Registration \/ Inscripci\u00f3n<\/span><\/h1>\n                                                                                                                \n                                    \n                                    \n                                    \n                                    \n                                    \n                                <\/div>\n\n                            <\/div>\n                        <\/div>\n                        \n                        \n                                                <div class=\"block-slider-back\">\n                            <span class=\"block-slider-back-left\" style=\"background: rgb(0,0,0);\"><\/span>\n                            <span class=\"block-slider-back-right\" style=\"background: rgb(0,0,0);\"><\/span>\n                            <div class=\"block-slider-back-anim\">\n                                                                <span class=\"block-slider-back-anim-radial\" style=\"background: radial-gradient(circle, rgba(0,0,0,0) 44%, rgba(0,0,0,0.8) 60%, rgb(0,0,0) 70%);\"><\/span>\n                                \n                                <video width=\"100%\" height=\"100%\" playsinline autoplay=\"\" loop muted webkit-playsinline=\"true\" preload=\"metadata\" webkitallowfullscreen=\"\" mozallowfullscreen=\"\" allowfullscreen=\"\" src=\"https:\/\/cov12.iavceivolcano.org\/content\/uploads\/sites\/16\/2023\/01\/fuego-volcano-explosion-drone-shot-diegorizzophoto.mp4\" type=\"video\/mp4\">\n                                <\/video>\n                            <\/div>\n                        <\/div>\n                        \n                    <\/div>\n                <\/div>\n\n            \n            <\/div>\n        <\/div>\n\n        <svg viewBox=\"0 0 100 100\" preserveAspectRatio=\"none\" class=\"triangle triangle-bottom\">\n            <path d=\"M0 0 L50 90 L100 0 V100 H0\" fill=\"#fff\" \/>\n        <\/svg>\n\n    <\/div>\n\n    <div class=\"slider-fullheight-content\">\n\n        <div class=\"alignwide\">\n\n            \n            \n        <\/div>\n    <\/div>\n<\/div>\n\n\n\n<div class=\"block-columns is-layout-flex container-core-columns-is-layout-9d6595d7 block-columns-is-layout-flex\">\n<div class=\"block-column is-layout-flow block-column-is-layout-flow\">\n<div class=\"block-columns is-layout-flex container-core-columns-is-layout-9d6595d7 block-columns-is-layout-flex\"><\/div>\n\n\n\n<div class=\"block-columns is-layout-flex container-core-columns-is-layout-9d6595d7 block-columns-is-layout-flex\">\n<div class=\"block-column is-layout-flow block-column-is-layout-flow\">\n<h3 class=\"block-heading\">Espa\u00f1ol: Lea toda la informaci\u00f3n en esta p\u00e1gina antes de continuar con los enlaces, que abren con fechas indicadas.  El formulario para el subsidio de inscripci\u00f3n se encuentra al final de esta p\u00e1gina y estar\u00e1 activo hasta el 22 de octubre.<\/h3>\n\n\n\n<p>El enlace a continuaci\u00f3n lo llevar\u00e1 a un portal de pago que abre 3 Noviembre donde podr\u00e1 registrarse para la conferencia si alguno de los siguientes criterios se aplica a usted:<\/p>\n\n\n\n<ul class=\"block-list\">\n<li>Su resumen ha sido aceptado para presentaci\u00f3n oral o como p\u00f3ster destacado (la notificaci\u00f3n se har\u00e1 a finales de octubre)<\/li>\n\n\n\n<li>Usted es el convocante principal de la sesi\u00f3n<\/li>\n\n\n\n<li>Usted es l\u00edder o co-l\u00edder de un taller o excursi\u00f3n<\/li>\n\n\n\n<li>Usted es un orador invitado (por ejemplo, sesi\u00f3n magistral o sesi\u00f3n plenaria de la conferencia)<\/li>\n<\/ul>\n\n\n\n<p>En este sitio pagar\u00e1 tanto la tarifa de inscripci\u00f3n como la de res\u00famenes.<\/p>\n<\/div>\n\n\n\n<div class=\"block-column is-layout-flow block-column-is-layout-flow\">\n<h3 class=\"block-heading\">English: Please read all information on this page before proceeding to the links, which open on indicated dates.  Form for registration subsidy is at the bottom of this page and will be active until October 22.<\/h3>\n\n\n\n<p>The link below will take you to a payment portal opening November 3 where you can register for the conference if one of the following applies to you:<\/p>\n\n\n\n<ul class=\"block-list\">\n<li>Your abstract has been accepted for oral presentation or as a highlighted poster (notification in late October)<\/li>\n\n\n\n<li>You are a lead session convener<\/li>\n\n\n\n<li>You are a workshop or field trip leader or co-leader<\/li>\n\n\n\n<li>You are an invited speaker (e.g. session keynote or conference plenary)<\/li>\n<\/ul>\n\n\n\n<p>At this site you will pay for both registration and abstract fees.<\/p>\n<\/div>\n<\/div>\n\n\n\n<h4 class=\"block-heading has-text-align-center has-background\" style=\"background-color:#34faf3\">Portal de pago de inscripci\u00f3n temprana (abre el 3 de Noviembre) \/ Early Registration Payment Portal (opens November 3)<\/h4>\n\n\n\n<div class=\"block-columns is-layout-flex container-core-columns-is-layout-9d6595d7 block-columns-is-layout-flex\">\n<div class=\"block-column is-layout-flow block-column-is-layout-flow\">\n<p>El enlace siguiente abre 17 Noviembre y lo llevar\u00e1 a un portal de pago donde podr\u00e1 registrarse para la conferencia e inscribirse en excursiones y talleres previos y posteriores a la conferencia. La inscripci\u00f3n se cerrar\u00e1 cuando se alcance la capacidad m\u00e1xima de la conferencia de 600 participantes (participantes inscritos durante la semana completa). Anticipamos que habr\u00e1 una gran demanda de participaci\u00f3n en la conferencia, por lo que recomendamos registrarse tan pronto como sea elegible. Las personas que se registraron durante el per\u00edodo de inscripci\u00f3n temprana pueden regresar a este portal despu\u00e9s del 17 de noviembre e inscribirse para excursiones o talleres.<\/p>\n<\/div>\n\n\n\n<div class=\"block-column is-layout-flow block-column-is-layout-flow\">\n<p>The link below will open November 17 and take you to a payment portal where you can register for the conference and sign up for pre- and post-conference field trips, and workshops.&nbsp; Registration will close when the maximum conference capacity of 600 full-week participants is reached. Because we anticipate that there may be a high demand for conference participation we recommend registering as soon as you are eligible.  Individuals who registered during the early registration period may return here after November 17 and sign up for field trips or workshops.<\/p>\n<\/div>\n<\/div>\n\n\n\n<h4 class=\"block-heading has-text-align-center has-background\" style=\"background-color:#34faf3\">Normal Registration Portal (coming soon) \/ Normal Registration Portal (pr\u00f3ximamente)<\/h4>\n\n\n\n<hr class=\"block-separator has-alpha-channel-opacity\" \/>\n\n\n\n<div class=\"block-columns is-layout-flex container-core-columns-is-layout-9d6595d7 block-columns-is-layout-flex\">\n<div class=\"block-column is-layout-flow block-column-is-layout-flow\">\n<h3 class=\"block-heading\">Los costos de inscripci\u00f3n cubrir\u00e1n:<\/h3>\n\n\n\n<ul class=\"block-list\">\n<li>Recepci\u00f3n de bienvenida el domingo por la noche<\/li>\n\n\n\n<li>El programa completo de la conferencia&nbsp;<\/li>\n\n\n\n<li>Un viaje de campo a mitad de la conferencia al volc\u00e1n de Pacaya o al de Fuego&nbsp;<\/li>\n\n\n\n<li>Entrada a los eventos culturales los lunes, martes y jueves por la noche.<\/li>\n\n\n\n<li>Evento de clausura el viernes por la noche&nbsp;<\/li>\n<\/ul>\n\n\n\n<p>La inscripci\u00f3n no cubrir\u00e1 las excursiones y talleres (opcionales) previos y posteriores a la conferencia. Los costos de estos eventos son administrados por los l\u00edderes de excursiones y talleres y tienen un espacio limitado. La informaci\u00f3n sobre los eventos previos y posteriores a la conferencia se proporcionar\u00e1 a mediados de Octubre y se puede encontrar en las p\u00e1ginas de <a href=\"https:\/\/cov12.iavceivolcano.org\/workshops\/\">talleres<\/a> y <a href=\"https:\/\/cov12.iavceivolcano.org\/field-trips\/\">excursiones<\/a>.<\/p>\n\n\n\n<p>Al fin de Octubre se publicar\u00e1n enlaces a informaci\u00f3n pr\u00e1ctica sobre La Antigua Guatemala, la sede de la conferencia y los costos de viaje previstos. Alguna informaci\u00f3n sobre apoyo para viajes se publicar\u00e1 aqu\u00ed una vez que se abra el registro.<\/p>\n\n\n\n<p>Se pondr\u00e1 a disposici\u00f3n de los participantes locales un n\u00famero limitado de <strong>pases diarios<\/strong> de entrada a la conferencia. Dado el tama\u00f1o limitado del lugar, ser\u00e1 necesario hacer reservaciones con anticipaci\u00f3n para obtener pases diarios de entrada a la conferencia.<\/p>\n\n\n\n<p><strong>Acompa\u00f1antes<\/strong> de asistentes registrados de la conferencia son bienvenidos a La Antigua Guatemala; sin embargo, dada la restricci\u00f3n de tama\u00f1o del lugar, no ser\u00e1 posible que los acompa\u00f1antes participen en el programa diario regular. Habr\u00e1 opciones para que los acompa\u00f1antes participen en algunos eventos culturales de la conferencia y los costos se publicar\u00e1n a mediados de noviembre.<\/p>\n<\/div>\n\n\n\n<div class=\"block-column is-layout-flow block-column-is-layout-flow\">\n<h3 class=\"block-heading\">Registration costs will cover:<\/h3>\n\n\n\n<ul class=\"block-list\">\n<li>The ice breaker on Sunday evening<\/li>\n\n\n\n<li>The full conference program&nbsp;<\/li>\n\n\n\n<li>A mid-conference field trip to Pacaya or Fuego&nbsp;<\/li>\n\n\n\n<li>Entrance to the cultural events on Monday, Tuesday, and Thursday evenings<\/li>\n\n\n\n<li>A closing event on Friday evening&nbsp;<\/li>\n<\/ul>\n\n\n\n<p>Registration will <em>not <\/em>cover the (optional) pre- and post- conference field trips and workshops. These costs are managed by field trip and workshop leaders and are limited in space. Information about pre- and post-conference events will be provided in mid-October and can be found on the <a href=\"https:\/\/cov12.iavceivolcano.org\/workshops\/\">workshops<\/a> and <a href=\"https:\/\/cov12.iavceivolcano.org\/field-trips\/\">field trips<\/a> pages. <\/p>\n\n\n\n<p>Links to practical&nbsp;information about La Antigua Guatemala, the conference venue, and expected travel costs will be posted in late October.  Some information about travel support options will be posted here after registration opens.<\/p>\n\n\n\n<p>A limited number of daily conference entry <strong>day passes<\/strong> will be made available for local participants. Given the limited size of the venue reservations will need to be made in advance for day participation.&nbsp;<\/p>\n\n\n\n<p><strong>Accompanying guests<\/strong> are welcomed to La Antigua Guatemala, however given the venue\u2019s size restriction it will not be possible for accompanying guests to participate in the regular daily program  There will be options for accompanying guests to participate in some conference cultural events and costs will be published in mid-November.<\/p>\n<\/div>\n<\/div>\n\n\n\n<hr class=\"block-separator has-alpha-channel-opacity\" \/>\n\n\n\n<div class=\"block-columns is-layout-flex container-core-columns-is-layout-9d6595d7 block-columns-is-layout-flex\">\n<div class=\"block-column is-layout-flow block-column-is-layout-flow\">\n<h3 class=\"block-heading\"><strong>Apoyo a Los Costos de Registro (Subsidios):<\/strong><\/h3>\n\n\n\n<p>Nuestro objetivo es que Cities on Volcanoes 12 sea accesible e inclusivo para participantes de diversos or\u00edgenes.  La cuota completa de registro es <strong>375.00 EUR<\/strong>.  El subsidio para la inscripci\u00f3n\/registro se escalonar\u00e1 seg\u00fan tres categor\u00edas:<\/p>\n\n\n\n<ul class=\"block-list\">\n<li>Con subsidio parcial la cuota de registro es <strong>250 EUR<\/strong> para participantes que cumplan con una de las siguientes condiciones: que residen en un pa\u00eds de bajos ingresos, que son estudiantes\/profesionales que inician su Carrera, sin&nbsp;afiliaci\u00f3n a una Universidad o Centro de Investigaci\u00f3n.<\/li>\n\n\n\n<li>Con subsidio alto la cuota de registro es <strong>150 EUR<\/strong> para participantes que cumplan con las siguientes dos condiciones: residen en un pa\u00eds de bajos ingresos y son estudiantes\/profesionales que inician su carrera&nbsp;<\/li>\n\n\n\n<li>Con subsidio total la cuota de registro es <strong>50 EUR<\/strong> para participantes que cumplan con las siguientes tres condiciones: residen en un pa\u00eds de bajos ingresos, son estudiantes\/profesionales que inician su Carrera, y no tiene&nbsp;afiliaci\u00f3n a una Universidad o Centro de Investigaci\u00f3n<\/li>\n<\/ul>\n\n\n\n<p>Las condiciones anteriores son necesarias, mas no suficientes para aprobar el subsidio que tambien dependera de la cantidad de fondos.<\/p>\n\n\n\n<p><strong>Importante: <\/strong>Los participantes deber\u00e1n solicitar el subsidio de inscripci\u00f3n antes de registrarse. El formulario para solicitar una subvenci\u00f3n, vinculado a continuaci\u00f3n, se abrir\u00e1 el 8 de octubre y se cerrar\u00e1 el 22 de octubre. No es necesario llenar este formulario a menos que est\u00e9s solicitando una subvenci\u00f3n.<\/p>\n<\/div>\n\n\n\n<div class=\"block-column is-layout-flow block-column-is-layout-flow\">\n<h3 class=\"block-heading\">Support Towards Registration Costs (Subsidies):<\/h3>\n\n\n\n<p>Our goal is for Cities on Volcanoes 12 to be accessible and inclusive for participants from diverse backgrounds. The full registration fee is <strong>375.00 EUR<\/strong>. The registration subsidy will be tiered according to three categories:<\/p>\n\n\n\n<ul class=\"block-list\">\n<li>With partial subsidy, the registration fee is <strong>250 EUR<\/strong> for participants who meet one of the following conditions: reside in a low-income country, are students\/professionals beginning their career with affiliation at a University or Research Center<\/li>\n\n\n\n<li>With a high subsidy, the registration fee is <strong>150 EUR<\/strong> for participants who meet the following two conditions: they reside in a low-income country and are students\/professionals starting their career.<\/li>\n\n\n\n<li>With full subsidy, the registration fee is <strong>50 EUR<\/strong> for participants who meet the following three conditions: they reside in a low-income country, are students\/professionals starting their career, and do not have affiliation to a University or Research Center<\/li>\n<\/ul>\n\n\n\n<p>The previous qualifications are required, but not sufficient to approve a registration subsidy, which will also depend on the availability of funds.<\/p>\n\n\n\n<p><strong>Important: <\/strong>Participants will need to apply for registration subsidy prior to registration.  The form to apply for a subsidy, linked below, will open October 8th and will close on October 22nd.  There is no need to fill out this form unless you are requesting a subsidy.  <\/p>\n<\/div>\n<\/div>\n\n\n\n<div class=\"block-columns is-layout-flex container-core-columns-is-layout-9d6595d7 block-columns-is-layout-flex\"><\/div>\n\n\n\n<div class=\"block-columns is-layout-flex container-core-columns-is-layout-9d6595d7 block-columns-is-layout-flex\">\n<div class=\"block-column is-layout-flow block-column-is-layout-flow\">\n<h5 class=\"block-heading has-text-align-center has-orange-background-color has-background\"><a href=\"https:\/\/forms.gle\/wEPpSG5SvExYGbss9\">Registration Subsidy Form (English)<\/a> Closes October 22<\/h5>\n<\/div>\n\n\n\n<div class=\"block-column is-layout-flow block-column-is-layout-flow\">\n<h5 class=\"block-heading has-text-align-center has-orange-background-color has-background\"><a href=\"https:\/\/forms.gle\/JysRmMX4xevwE8kL7\">Formulario de Subsidio de Registro (Espa\u00f1ol)<\/a> Cierra 22 Octubre<\/h5>\n<\/div>\n<\/div>\n\n\n\n<div class=\"block-columns is-layout-flex container-core-columns-is-layout-9d6595d7 block-columns-is-layout-flex\">\n<div class=\"block-column is-layout-flow block-column-is-layout-flow\">\n<p><strong>Costo de Res\u00famenes: <\/strong>Aquellas personas que se registren para COV12 y cuyos res\u00famenes sean aceptados deber\u00e1n pagar el env\u00edo de res\u00famenes durante su registro. La tarifa del resumen es el 10% de la tarifa de inscripci\u00f3n (es decir, $5, $15, $35, $55) y sus ingresos se destinar\u00e1n directamente a becas de viaje para la conferencia que otorgar\u00e1 la IAVCEI.<\/p>\n\n\n\n<p>La membres\u00eda de IAVCEI es requerida para la mayor\u00eda de los participantes pertenecientes a la comunidad acad\u00e9mica-vulcanol\u00f3gica, aunque no se requiere membres\u00eda de IAVCEI para los participantes que no presenten una charla o poster. Las normas del IAVCEI son las siguientes:<\/p>\n\n\n\n<p>Participantes de la reuni\u00f3n que presenten un resumen y sean pertenezcan a la comunidad acad\u00e9mica-vulcanol\u00f3gica, deber\u00e1n ser miembros activos de IAVCEI en el momento de participar en la reuni\u00f3n; Los presentadores de res\u00famenes seleccionados estar\u00e1n exentos de este requisito seg\u00fan su estatus y antecedentes espec\u00edficos (por ejemplo, autoridades locales, maestros de escuela, participantes de la comunidad, autoridades de protecci\u00f3n civil, artistas, periodistas). Se recomienda la membres\u00eda en IAVCEI y hay exenciones de tarifas disponibles para necesidades demostradas\u201d<\/p>\n<\/div>\n\n\n\n<div class=\"block-column is-layout-flow block-column-is-layout-flow\">\n<p><strong>Abstracts Fees: <\/strong>Those individuals registering for COV12 and with accepted abstracts will be requested to pay for abstract submission during their registration.  The abstract fee is 10% of the registration fee (i.e., $5, $15, $35, $55) and its revenue will go directly to travel grants for the conference that will be awarded by IAVCEI.&nbsp;<\/p>\n\n\n\n<p>IAVCEI membership is required for most participants from broad volcanology disciplines although IAVCEI membership is not required for non-presenting participants.&nbsp; The IAVCEI membershp rules are the&nbsp; following:<\/p>\n\n\n\n<p><em>Participants to the meeting that present an abstract and are from the broad volcanology community will be required to be active members of IAVCEI at the time of the meeting; selected abstract presenters will be exempted from this requirement based on specific status and background (e.g., local administration, local authorities, school teachers, community participants, civil protection authorities, artists, journalists).&nbsp; Membership in IAVCEI is encouraged and fee waivers are available for demonstrated need.\u201d&nbsp;<\/em><\/p>\n<\/div>\n<\/div>\n<\/div>\n<\/div>\n\n\n\n<hr class=\"block-separator has-alpha-channel-opacity\" \/>\n\n\n\n<div class=\"block-columns is-layout-flex container-core-columns-is-layout-9d6595d7 block-columns-is-layout-flex\">\n<div class=\"block-column is-layout-flow block-column-is-layout-flow\">\n<figure class=\"block-image aligncenter size-full is-resized\"><div class=\"loading-placeholder shine\" style=\"aspect-ratio: 1\/ 1\"><img decoding=\"async\" data-sizes=\"(max-width: 240px) 100vw, 240px\" data-src=\"https:\/\/cov12.iavceivolcano.org\/content\/uploads\/sites\/16\/2023\/09\/la-antigua-guatemala-transparent-4-300x300.png\" data-srcset=\"https:\/\/cov12.iavceivolcano.org\/content\/uploads\/sites\/16\/2023\/09\/la-antigua-guatemala-transparent-4-300x300.png 300w, https:\/\/cov12.iavceivolcano.org\/content\/uploads\/sites\/16\/2023\/09\/la-antigua-guatemala-transparent-4-150x150.png 150w, https:\/\/cov12.iavceivolcano.org\/content\/uploads\/sites\/16\/2023\/09\/la-antigua-guatemala-transparent-4-190x190.png 190w, https:\/\/cov12.iavceivolcano.org\/content\/uploads\/sites\/16\/2023\/09\/la-antigua-guatemala-transparent-4-380x380.png 380w, https:\/\/cov12.iavceivolcano.org\/content\/uploads\/sites\/16\/2023\/09\/la-antigua-guatemala-transparent-4-140x140.png 140w, https:\/\/cov12.iavceivolcano.org\/content\/uploads\/sites\/16\/2023\/09\/la-antigua-guatemala-transparent-4.png 750w\" width=\"240\" height=\"240\" src=\"\/\/:0\" class=\"lazyload\" alt=\"La Antigua Guatemala Transparent\" style=\"width:240px;height:240px\"   loading=\"lazy\" \/><noscript><img decoding=\"async\" width=\"240\" height=\"240\" src=\"https:\/\/cov12.iavceivolcano.org\/content\/uploads\/sites\/16\/2023\/09\/la-antigua-guatemala-transparent-4-300x300.png\" class=\"lazyload\" alt=\"La Antigua Guatemala Transparent\" style=\"width:240px;height:240px\" srcset=\"https:\/\/cov12.iavceivolcano.org\/content\/uploads\/sites\/16\/2023\/09\/la-antigua-guatemala-transparent-4-300x300.png 300w, https:\/\/cov12.iavceivolcano.org\/content\/uploads\/sites\/16\/2023\/09\/la-antigua-guatemala-transparent-4-150x150.png 150w, https:\/\/cov12.iavceivolcano.org\/content\/uploads\/sites\/16\/2023\/09\/la-antigua-guatemala-transparent-4-190x190.png 190w, https:\/\/cov12.iavceivolcano.org\/content\/uploads\/sites\/16\/2023\/09\/la-antigua-guatemala-transparent-4-380x380.png 380w, https:\/\/cov12.iavceivolcano.org\/content\/uploads\/sites\/16\/2023\/09\/la-antigua-guatemala-transparent-4-140x140.png 140w, https:\/\/cov12.iavceivolcano.org\/content\/uploads\/sites\/16\/2023\/09\/la-antigua-guatemala-transparent-4.png 750w\" sizes=\"auto, (max-width: 240px) 100vw, 240px\" loading=\"lazy\" \/><\/noscript><\/div><\/figure>\n<\/div>\n<\/div>\n","protected":false},"excerpt":{"rendered":"<p>Espa\u00f1ol: Lea toda la informaci\u00f3n en esta p\u00e1gina antes de continuar con los enlaces, que abren con fechas indicadas. El formulario para el subsidio de inscripci\u00f3n se encuentra al final de esta p\u00e1gina y estar\u00e1 activo hasta el 22 de&#8230;<\/p>\n","protected":false},"author":611,"featured_media":0,"parent":0,"menu_order":8,"ping_status":"closed","template":"","meta":{"_acf_changed":false,"_searchwp_excluded":"","footnotes":""},"class_list":["post-2868","page","type-page","status-publish","hentry"],"acf":[],"lang":"en","translations":{"en":2868},"pll_sync_post":[],"_links":{"self":[{"href":"https:\/\/cov12.iavceivolcano.org\/api\/wp\/v2\/pages\/2868","targetHints":{"allow":["GET"]}}],"collection":[{"href":"https:\/\/cov12.iavceivolcano.org\/api\/wp\/v2\/pages"}],"about":[{"href":"https:\/\/cov12.iavceivolcano.org\/api\/wp\/v2\/types\/page"}],"author":[{"embeddable":true,"href":"https:\/\/cov12.iavceivolcano.org\/api\/wp\/v2\/users\/611"}],"version-history":[{"count":0,"href":"https:\/\/cov12.iavceivolcano.org\/api\/wp\/v2\/pages\/2868\/revisions"}],"wp:attachment":[{"href":"https:\/\/cov12.iavceivolcano.org\/api\/wp\/v2\/media?parent=2868"}],"curies":[{"name":"wp","href":"https:\/\/api.w.org\/{rel}","templated":true}]}}