{"id":2662,"date":"2023-11-04T16:46:42","date_gmt":"2023-11-04T16:46:42","guid":{"rendered":"https:\/\/cov12.iavceivolcano.org\/mid-conference-fieldtrip-spanish-copy\/"},"modified":"2024-02-14T21:34:58","modified_gmt":"2024-02-14T21:34:58","slug":"mid-conference-fieldtrip-spanish","status":"publish","type":"page","link":"https:\/\/cov12.iavceivolcano.org\/mid-conference-fieldtrip-spanish\/","title":{"rendered":"Excursi\u00f3n Durante el Congreso"},"content":{"rendered":"<!DOCTYPE html PUBLIC \"-\/\/W3C\/\/DTD HTML 4.0 Transitional\/\/EN\" \"http:\/\/www.w3.org\/TR\/REC-html40\/loose.dtd\">\n<html><body><h2 class=\"block-heading\">Excursi&oacute;n Durante el Congreso (14 de febrero)<\/h2>\n\n\n\n<h4 class=\"block-heading\">incluido para todos los participantes registrados por la semana<\/h4>\n\n\n\n<hr class=\"block-separator has-alpha-channel-opacity\">\n\n\n\n<h2 class=\"block-heading\">Fuego o Pacaya<\/h2>\n\n\n\n<p>El mi&eacute;rcoles 14 de febrero se llevar&aacute; a cabo la excursi&oacute;n oficial del congreso, incluida en la inscripci&oacute;n. Los participantes tendr&aacute;n la opci&oacute;n de eligir entre la visita al volc&aacute;n Pacaya o la visita al volc&aacute;n de Fuego (una de los dos opciones).<\/p>\n\n\n\n<div class=\"block-columns is-layout-flex container-core-columns-is-layout-9d6595d7 block-columns-is-layout-flex\">\n<div class=\"block-column is-layout-flow block-column-is-layout-flow\">\n<figure class=\"block-image size-large\"><div class=\"loading-placeholder shine\" style=\"aspect-ratio: 1\/ 0.5888671875\"><img decoding=\"async\" data-sizes=\"(max-width: 1024px) 100vw, 1024px\" data-src=\"https:\/\/cov12.iavceivolcano.org\/content\/uploads\/sites\/16\/2023\/11\/image-1024x603.png\" data-srcset=\"https:\/\/cov12.iavceivolcano.org\/content\/uploads\/sites\/16\/2023\/11\/image-1024x603.png 1024w, https:\/\/cov12.iavceivolcano.org\/content\/uploads\/sites\/16\/2023\/11\/image-300x177.png 300w, https:\/\/cov12.iavceivolcano.org\/content\/uploads\/sites\/16\/2023\/11\/image-768x452.png 768w, https:\/\/cov12.iavceivolcano.org\/content\/uploads\/sites\/16\/2023\/11\/image-1536x905.png 1536w, https:\/\/cov12.iavceivolcano.org\/content\/uploads\/sites\/16\/2023\/11\/image-2048x1206.png 2048w, https:\/\/cov12.iavceivolcano.org\/content\/uploads\/sites\/16\/2023\/11\/image-238x140.png 238w\" width=\"1024\" height=\"603\" src=\"\/\/:0\" class=\"lazyload\" alt=\"Image\" style=\"\" loading=\"lazy\"><noscript><img decoding=\"async\" width=\"1024\" height=\"603\" src=\"https:\/\/cov12.iavceivolcano.org\/content\/uploads\/sites\/16\/2023\/11\/image-1024x603.png\" class=\"lazyload\" alt=\"Image\" style=\"\" srcset=\"https:\/\/cov12.iavceivolcano.org\/content\/uploads\/sites\/16\/2023\/11\/image-1024x603.png 1024w, https:\/\/cov12.iavceivolcano.org\/content\/uploads\/sites\/16\/2023\/11\/image-300x177.png 300w, https:\/\/cov12.iavceivolcano.org\/content\/uploads\/sites\/16\/2023\/11\/image-768x452.png 768w, https:\/\/cov12.iavceivolcano.org\/content\/uploads\/sites\/16\/2023\/11\/image-1536x905.png 1536w, https:\/\/cov12.iavceivolcano.org\/content\/uploads\/sites\/16\/2023\/11\/image-2048x1206.png 2048w, https:\/\/cov12.iavceivolcano.org\/content\/uploads\/sites\/16\/2023\/11\/image-238x140.png 238w\" sizes=\"auto, (max-width: 1024px) 100vw, 1024px\" loading=\"lazy\"><\/noscript><\/div><\/figure>\n\n\n\n<p>Volcanes de Fuego y Pacaya mostrados en relaci&oacute;n con Antigua Guatemala y Ciudad de Guatemala (gran zona urbana)<\/p>\n\n\n\n<figure class=\"block-image size-large\"><div class=\"loading-placeholder shine\" style=\"aspect-ratio: 1\/ 0.75\"><img decoding=\"async\" data-sizes=\"(max-width: 1024px) 100vw, 1024px\" data-src=\"https:\/\/cov12.iavceivolcano.org\/content\/uploads\/sites\/16\/2023\/10\/picture2-1024x768.jpg\" data-srcset=\"https:\/\/cov12.iavceivolcano.org\/content\/uploads\/sites\/16\/2023\/10\/picture2-1024x768.jpg 1024w, https:\/\/cov12.iavceivolcano.org\/content\/uploads\/sites\/16\/2023\/10\/picture2-300x225.jpg 300w, https:\/\/cov12.iavceivolcano.org\/content\/uploads\/sites\/16\/2023\/10\/picture2-768x576.jpg 768w, https:\/\/cov12.iavceivolcano.org\/content\/uploads\/sites\/16\/2023\/10\/picture2-1536x1152.jpg 1536w, https:\/\/cov12.iavceivolcano.org\/content\/uploads\/sites\/16\/2023\/10\/picture2-187x140.jpg 187w, https:\/\/cov12.iavceivolcano.org\/content\/uploads\/sites\/16\/2023\/10\/picture2.jpg 2016w\" width=\"1024\" height=\"768\" src=\"\/\/:0\" class=\"lazyload\" alt=\"Picture2\" style=\"\" loading=\"lazy\"><noscript><img decoding=\"async\" width=\"1024\" height=\"768\" src=\"https:\/\/cov12.iavceivolcano.org\/content\/uploads\/sites\/16\/2023\/10\/picture2-1024x768.jpg\" class=\"lazyload\" alt=\"Picture2\" style=\"\" srcset=\"https:\/\/cov12.iavceivolcano.org\/content\/uploads\/sites\/16\/2023\/10\/picture2-1024x768.jpg 1024w, https:\/\/cov12.iavceivolcano.org\/content\/uploads\/sites\/16\/2023\/10\/picture2-300x225.jpg 300w, https:\/\/cov12.iavceivolcano.org\/content\/uploads\/sites\/16\/2023\/10\/picture2-768x576.jpg 768w, https:\/\/cov12.iavceivolcano.org\/content\/uploads\/sites\/16\/2023\/10\/picture2-1536x1152.jpg 1536w, https:\/\/cov12.iavceivolcano.org\/content\/uploads\/sites\/16\/2023\/10\/picture2-187x140.jpg 187w, https:\/\/cov12.iavceivolcano.org\/content\/uploads\/sites\/16\/2023\/10\/picture2.jpg 2016w\" sizes=\"auto, (max-width: 1024px) 100vw, 1024px\" loading=\"lazy\"><\/noscript><\/div><\/figure>\n<\/div>\n\n\n\n<div class=\"block-column is-layout-flow block-column-is-layout-flow\">\n<figure class=\"block-image aligncenter size-large is-resized\"><div class=\"loading-placeholder shine\" style=\"aspect-ratio: 1\/ 1.25066666667\"><img decoding=\"async\" data-sizes=\"(max-width: 375px) 100vw, 375px\" data-src=\"https:\/\/cov12.iavceivolcano.org\/content\/uploads\/sites\/16\/2023\/01\/lava-and-the-moon-diegorizzophoto-768x960.jpg\" data-srcset=\"https:\/\/cov12.iavceivolcano.org\/content\/uploads\/sites\/16\/2023\/01\/lava-and-the-moon-diegorizzophoto-768x960.jpg 768w, https:\/\/cov12.iavceivolcano.org\/content\/uploads\/sites\/16\/2023\/01\/lava-and-the-moon-diegorizzophoto-240x300.jpg 240w, https:\/\/cov12.iavceivolcano.org\/content\/uploads\/sites\/16\/2023\/01\/lava-and-the-moon-diegorizzophoto-819x1024.jpg 819w, https:\/\/cov12.iavceivolcano.org\/content\/uploads\/sites\/16\/2023\/01\/lava-and-the-moon-diegorizzophoto-1229x1536.jpg 1229w, https:\/\/cov12.iavceivolcano.org\/content\/uploads\/sites\/16\/2023\/01\/lava-and-the-moon-diegorizzophoto-1638x2048.jpg 1638w, https:\/\/cov12.iavceivolcano.org\/content\/uploads\/sites\/16\/2023\/01\/lava-and-the-moon-diegorizzophoto-112x140.jpg 112w\" width=\"375\" height=\"469\" src=\"\/\/:0\" class=\"lazyload\" alt=\"\" style=\"width:375px;height:469px\" loading=\"lazy\"><noscript><img decoding=\"async\" width=\"375\" height=\"469\" src=\"https:\/\/cov12.iavceivolcano.org\/content\/uploads\/sites\/16\/2023\/01\/lava-and-the-moon-diegorizzophoto-768x960.jpg\" class=\"lazyload\" alt=\"\" style=\"width:375px;height:469px\" srcset=\"https:\/\/cov12.iavceivolcano.org\/content\/uploads\/sites\/16\/2023\/01\/lava-and-the-moon-diegorizzophoto-768x960.jpg 768w, https:\/\/cov12.iavceivolcano.org\/content\/uploads\/sites\/16\/2023\/01\/lava-and-the-moon-diegorizzophoto-240x300.jpg 240w, https:\/\/cov12.iavceivolcano.org\/content\/uploads\/sites\/16\/2023\/01\/lava-and-the-moon-diegorizzophoto-819x1024.jpg 819w, https:\/\/cov12.iavceivolcano.org\/content\/uploads\/sites\/16\/2023\/01\/lava-and-the-moon-diegorizzophoto-1229x1536.jpg 1229w, https:\/\/cov12.iavceivolcano.org\/content\/uploads\/sites\/16\/2023\/01\/lava-and-the-moon-diegorizzophoto-1638x2048.jpg 1638w, https:\/\/cov12.iavceivolcano.org\/content\/uploads\/sites\/16\/2023\/01\/lava-and-the-moon-diegorizzophoto-112x140.jpg 112w\" sizes=\"auto, (max-width: 375px) 100vw, 375px\" loading=\"lazy\"><\/noscript><\/div><\/figure>\n\n\n\n<figure class=\"block-image aligncenter size-large\"><div class=\"loading-placeholder shine\" style=\"aspect-ratio: 1\/ 0.6650390625\"><img decoding=\"async\" data-sizes=\"(max-width: 1024px) 100vw, 1024px\" data-src=\"https:\/\/cov12.iavceivolcano.org\/content\/uploads\/sites\/16\/2023\/01\/fuego-volcano-explosion-at-dawn-diegorizzophoto-1024x681.jpg\" data-srcset=\"https:\/\/cov12.iavceivolcano.org\/content\/uploads\/sites\/16\/2023\/01\/fuego-volcano-explosion-at-dawn-diegorizzophoto-1024x681.jpg 1024w, https:\/\/cov12.iavceivolcano.org\/content\/uploads\/sites\/16\/2023\/01\/fuego-volcano-explosion-at-dawn-diegorizzophoto-300x200.jpg 300w, https:\/\/cov12.iavceivolcano.org\/content\/uploads\/sites\/16\/2023\/01\/fuego-volcano-explosion-at-dawn-diegorizzophoto-768x511.jpg 768w, https:\/\/cov12.iavceivolcano.org\/content\/uploads\/sites\/16\/2023\/01\/fuego-volcano-explosion-at-dawn-diegorizzophoto-1536x1022.jpg 1536w, https:\/\/cov12.iavceivolcano.org\/content\/uploads\/sites\/16\/2023\/01\/fuego-volcano-explosion-at-dawn-diegorizzophoto-2048x1363.jpg 2048w, https:\/\/cov12.iavceivolcano.org\/content\/uploads\/sites\/16\/2023\/01\/fuego-volcano-explosion-at-dawn-diegorizzophoto-210x140.jpg 210w\" width=\"1024\" height=\"681\" src=\"\/\/:0\" class=\"lazyload\" alt=\"\" style=\"\" loading=\"lazy\"><noscript><img decoding=\"async\" width=\"1024\" height=\"681\" src=\"https:\/\/cov12.iavceivolcano.org\/content\/uploads\/sites\/16\/2023\/01\/fuego-volcano-explosion-at-dawn-diegorizzophoto-1024x681.jpg\" class=\"lazyload\" alt=\"\" style=\"\" srcset=\"https:\/\/cov12.iavceivolcano.org\/content\/uploads\/sites\/16\/2023\/01\/fuego-volcano-explosion-at-dawn-diegorizzophoto-1024x681.jpg 1024w, https:\/\/cov12.iavceivolcano.org\/content\/uploads\/sites\/16\/2023\/01\/fuego-volcano-explosion-at-dawn-diegorizzophoto-300x200.jpg 300w, https:\/\/cov12.iavceivolcano.org\/content\/uploads\/sites\/16\/2023\/01\/fuego-volcano-explosion-at-dawn-diegorizzophoto-768x511.jpg 768w, https:\/\/cov12.iavceivolcano.org\/content\/uploads\/sites\/16\/2023\/01\/fuego-volcano-explosion-at-dawn-diegorizzophoto-1536x1022.jpg 1536w, https:\/\/cov12.iavceivolcano.org\/content\/uploads\/sites\/16\/2023\/01\/fuego-volcano-explosion-at-dawn-diegorizzophoto-2048x1363.jpg 2048w, https:\/\/cov12.iavceivolcano.org\/content\/uploads\/sites\/16\/2023\/01\/fuego-volcano-explosion-at-dawn-diegorizzophoto-210x140.jpg 210w\" sizes=\"auto, (max-width: 1024px) 100vw, 1024px\" loading=\"lazy\"><\/noscript><\/div><\/figure>\n<\/div>\n<\/div>\n\n\n\n<hr class=\"block-separator has-alpha-channel-opacity\">\n\n\n\n<div class=\"block-columns is-layout-flex container-core-columns-is-layout-9d6595d7 block-columns-is-layout-flex\">\n<div class=\"block-column is-layout-flow block-column-is-layout-flow\">\n<p><strong>Descripci&oacute;n general de Fuego:<\/strong><\/p>\n\n\n\n<p>Este viaje de campo se centra en los impactos de los flujos peligrosos en las poblaciones actuales e hist&oacute;ricas de Guatemala. Visitaremos varios sitios que han sido impactados por lahares y flujos pirocl&aacute;sticos durante los &uacute;ltimos quinientos a&ntilde;os, algunos tan recientemente como 2018. El viaje consta de cuatro paradas.<\/p>\n\n\n\n<p><strong>Log&iacute;stica:<\/strong><\/p>\n\n\n\n<p>Hay una serie de caminatas cortas de no m&aacute;s de 10 a 15 minutos en cada parada. La duraci&oacute;n total del viaje es de unas cinco horas y media con numerosas paradas para descansar. Habr&aacute; una parada para almorzar de ~60 minutos incorporada en la parada de fuga de La Reuni&oacute;n o del PDC, dependiendo de qu&eacute; autob&uacute;s (es decir, a qu&eacute; hora) salgan las personas de Antigua. Los participantes aprender&aacute;n sobre el deslizamiento de tierra de 1541 que destruy&oacute; Ciudad Vieja y la erupci&oacute;n del 3 de junio de 2018 que impact&oacute; el pueblo de San Miguel Los Lotes. Si bien esta no es una excursi&oacute;n f&iacute;sicamente desafiante, los participantes deben comprender que es posible que experimenten una fuerte respuesta emocional al enterarse de estos eventos, especialmente el 3 de junio de 2018.<\/p>\n\n\n\n<p><\/p>\n<\/div>\n\n\n\n<div class=\"block-column is-layout-flow block-column-is-layout-flow\">\n<p><strong>Descripci&oacute;n general de Pacaya<\/strong>:<\/p>\n\n\n\n<p>Este viaje nos lleva al volc&aacute;n Pacaya, un ejemplo de vulcanismo bas&aacute;ltico. Visitaremos coladas de lava recientes y recientes antes de dirigirnos a la cumbre. Es un d&iacute;a largo, aunque no supone un gran desaf&iacute;o f&iacute;sico. Necesitar&aacute; mucha agua, almuerzo y uno o dos refrigerios, y probablemente algo para mantenerse activo hasta que regresemos a Antigua (puede que sea bastante tarde).<\/p>\n\n\n\n<p><strong>Log&iacute;stica:<\/strong><\/p>\n\n\n\n<p>Hay una caminata corta alrededor de los flujos recientes y una caminata m&aacute;s larga de m&aacute;s de cuatro horas, incluidas aproximadamente dos horas, en total, subiendo y bajando desde el comienzo del sendero hasta el antiguo observatorio y aproximadamente la misma cantidad de tiempo explorando y caminando sobre los flujos. El viaje presentar&aacute; Pacaya y su reciente actividad eruptiva y presentar&aacute; una especie de desaf&iacute;o f&iacute;sico. Una vez en el sendero no habr&aacute; acceso a instalaciones sanitarias.<\/p>\n\n\n\n<p><\/p>\n<\/div>\n<\/div>\n\n\n\n<hr class=\"block-separator has-alpha-channel-opacity\">\n\n\n\n<div class=\"block-columns is-layout-flex container-core-columns-is-layout-9d6595d7 block-columns-is-layout-flex\">\n<div class=\"block-column is-layout-flow block-column-is-layout-flow\">\n<div data-wp-interactive=\"core\/file\" class=\"block-file\"><object data-wp-bind--hidden=\"!state.hasPdfPreview\" hidden class=\"block-file__embed\" data=\"https:\/\/cov12.iavceivolcano.org\/content\/uploads\/sites\/16\/2024\/02\/fuego-field-trip-guide-esp.pdf\" type=\"application\/pdf\" style=\"width:100%;height:600px\" aria-label=\"Embed of fuego-field-trip-guide-esp.\"><\/object><a id=\"block-file--media-6e96ef7f-ddd3-4d1f-8524-fd3a01609219\" href=\"https:\/\/cov12.iavceivolcano.org\/content\/uploads\/sites\/16\/2024\/02\/fuego-field-trip-guide-esp.pdf\">fuego-field-trip-guide-esp<\/a><a href=\"https:\/\/cov12.iavceivolcano.org\/content\/uploads\/sites\/16\/2024\/02\/fuego-field-trip-guide-esp.pdf\" class=\"block-file__button btn\" download aria-describedby=\"block-file--media-6e96ef7f-ddd3-4d1f-8524-fd3a01609219\">Download<\/a><\/div>\n<\/div>\n\n\n\n<div class=\"block-column is-layout-flow block-column-is-layout-flow\">\n<div data-wp-interactive=\"core\/file\" class=\"block-file\"><object data-wp-bind--hidden=\"!state.hasPdfPreview\" hidden class=\"block-file__embed\" data=\"https:\/\/cov12.iavceivolcano.org\/content\/uploads\/sites\/16\/2024\/02\/pacaya-field-trip-guide-esp.pdf\" type=\"application\/pdf\" style=\"width:100%;height:600px\" aria-label=\"Embed of pacaya-field-trip-guide-esp.\"><\/object><a id=\"block-file--media-f4b7d0b8-e926-4341-aae4-d3662b735333\" href=\"https:\/\/cov12.iavceivolcano.org\/content\/uploads\/sites\/16\/2024\/02\/pacaya-field-trip-guide-esp.pdf\">pacaya-field-trip-guide-esp<\/a><a href=\"https:\/\/cov12.iavceivolcano.org\/content\/uploads\/sites\/16\/2024\/02\/pacaya-field-trip-guide-esp.pdf\" class=\"block-file__button btn\" download aria-describedby=\"block-file--media-f4b7d0b8-e926-4341-aae4-d3662b735333\">Download<\/a><\/div>\n<\/div>\n<\/div>\n\n\n\n<div class=\"block-columns is-layout-flex container-core-columns-is-layout-9d6595d7 block-columns-is-layout-flex\">\n<div class=\"block-column is-layout-flow block-column-is-layout-flow\">\n<figure class=\"block-image aligncenter size-full is-resized\"><div class=\"loading-placeholder shine\" style=\"aspect-ratio: 1\/ 1\"><img decoding=\"async\" data-sizes=\"(max-width: 369px) 100vw, 369px\" data-src=\"https:\/\/cov12.iavceivolcano.org\/content\/uploads\/sites\/16\/2023\/09\/la-antigua-guatemala-transparent-4-380x380.png\" data-srcset=\"https:\/\/cov12.iavceivolcano.org\/content\/uploads\/sites\/16\/2023\/09\/la-antigua-guatemala-transparent-4-380x380.png 380w, https:\/\/cov12.iavceivolcano.org\/content\/uploads\/sites\/16\/2023\/09\/la-antigua-guatemala-transparent-4-300x300.png 300w, https:\/\/cov12.iavceivolcano.org\/content\/uploads\/sites\/16\/2023\/09\/la-antigua-guatemala-transparent-4-150x150.png 150w, https:\/\/cov12.iavceivolcano.org\/content\/uploads\/sites\/16\/2023\/09\/la-antigua-guatemala-transparent-4-190x190.png 190w, https:\/\/cov12.iavceivolcano.org\/content\/uploads\/sites\/16\/2023\/09\/la-antigua-guatemala-transparent-4-140x140.png 140w, https:\/\/cov12.iavceivolcano.org\/content\/uploads\/sites\/16\/2023\/09\/la-antigua-guatemala-transparent-4.png 750w\" width=\"369\" height=\"369\" src=\"\/\/:0\" class=\"lazyload\" alt=\"La Antigua Guatemala Transparent\" style=\"width:369px;height:369px\" loading=\"lazy\"><noscript><img decoding=\"async\" width=\"369\" height=\"369\" src=\"https:\/\/cov12.iavceivolcano.org\/content\/uploads\/sites\/16\/2023\/09\/la-antigua-guatemala-transparent-4-380x380.png\" class=\"lazyload\" alt=\"La Antigua Guatemala Transparent\" style=\"width:369px;height:369px\" srcset=\"https:\/\/cov12.iavceivolcano.org\/content\/uploads\/sites\/16\/2023\/09\/la-antigua-guatemala-transparent-4-380x380.png 380w, https:\/\/cov12.iavceivolcano.org\/content\/uploads\/sites\/16\/2023\/09\/la-antigua-guatemala-transparent-4-300x300.png 300w, https:\/\/cov12.iavceivolcano.org\/content\/uploads\/sites\/16\/2023\/09\/la-antigua-guatemala-transparent-4-150x150.png 150w, https:\/\/cov12.iavceivolcano.org\/content\/uploads\/sites\/16\/2023\/09\/la-antigua-guatemala-transparent-4-190x190.png 190w, https:\/\/cov12.iavceivolcano.org\/content\/uploads\/sites\/16\/2023\/09\/la-antigua-guatemala-transparent-4-140x140.png 140w, https:\/\/cov12.iavceivolcano.org\/content\/uploads\/sites\/16\/2023\/09\/la-antigua-guatemala-transparent-4.png 750w\" sizes=\"auto, (max-width: 369px) 100vw, 369px\" loading=\"lazy\"><\/noscript><\/div><\/figure>\n<\/div>\n<\/div>\n\n\n\n<p class=\"has-text-align-center\">Comit&eacute; a cargo de excursi&oacute;n durante el congreso: William Chigna, Matthew Watson, Gustavo Chigna, John Lyons, Greg Waite<\/p>\n\n\n\n<pre class=\"block-preformatted\">&nbsp;<\/pre>\n<\/body><\/html>\n","protected":false},"excerpt":{"rendered":"<p>Excursi\u00f3n Durante el Congreso (14 de febrero) incluido para todos los participantes registrados por la semana Fuego o Pacaya El mi\u00e9rcoles 14 de febrero se llevar\u00e1 a cabo la excursi\u00f3n oficial del congreso, incluida en la inscripci\u00f3n. Los participantes tendr\u00e1n&#8230;<\/p>\n","protected":false},"author":611,"featured_media":0,"parent":0,"menu_order":0,"ping_status":"closed","template":"","meta":{"_acf_changed":false,"_searchwp_excluded":"","footnotes":""},"class_list":["post-2662","page","type-page","status-publish","hentry"],"acf":[],"lang":"en","translations":{"en":2662},"pll_sync_post":[],"_links":{"self":[{"href":"https:\/\/cov12.iavceivolcano.org\/api\/wp\/v2\/pages\/2662","targetHints":{"allow":["GET"]}}],"collection":[{"href":"https:\/\/cov12.iavceivolcano.org\/api\/wp\/v2\/pages"}],"about":[{"href":"https:\/\/cov12.iavceivolcano.org\/api\/wp\/v2\/types\/page"}],"author":[{"embeddable":true,"href":"https:\/\/cov12.iavceivolcano.org\/api\/wp\/v2\/users\/611"}],"version-history":[{"count":5,"href":"https:\/\/cov12.iavceivolcano.org\/api\/wp\/v2\/pages\/2662\/revisions"}],"predecessor-version":[{"id":3230,"href":"https:\/\/cov12.iavceivolcano.org\/api\/wp\/v2\/pages\/2662\/revisions\/3230"}],"wp:attachment":[{"href":"https:\/\/cov12.iavceivolcano.org\/api\/wp\/v2\/media?parent=2662"}],"curies":[{"name":"wp","href":"https:\/\/api.w.org\/{rel}","templated":true}]}}